{"version":"1.0","provider_name":"GYEREKVIL\u00c1G","provider_url":"https:\/\/gyerekvilag.cafeblog.hu","author_name":"Hagym\u00e1sy OrSi","author_url":"https:\/\/gyerekvilag.cafeblog.hu\/author\/hagymasy_orsi-2-2-2-2\/","title":"BICIKLIVEL A NY\u00c1RBA!","html":"<p align=\"center\"><i><a href=\"https:\/\/gyerekvilag.cafeblog.hu\/files\/2013\/07\/bicikli-2-copia.jpg\"><img class=\"alignright size-thumbnail wp-image-800\" alt=\"bicikli 2 copia\" src=\"https:\/\/gyerekvilag.cafeblog.hu\/files\/2013\/07\/bicikli-2-copia-150x150.jpg\" width=\"150\" height=\"150\" \/><\/a><\/i>BICIKLIVEL A NY\u00c1RBA!<\/p>\r\n<p align=\"center\"><i>\u201eHa v\u00e1rosi k\u00f6zleked\u00e9sr\u0151l van sz\u00f3 -\u00a0nyilv\u00e1n csak a saj\u00e1t biciklinken sz\u00e1ll\u00edtjuk kisgyermek\u00fcnket - semmi nem tilos! Szoknya, csinos cip\u0151 ( az\u00e9rt a j\u00f3 \u00edzl\u00e9s keretein bel\u00fcl\u00a0) \u00e9s term\u00e9szetesen v\u00e9d\u0151sisak a gyerekeknek.\u201d<\/i><\/p>\r\nMiut\u00e1n beavattuk a csal\u00e1d apraj\u00e1t, nagyj\u00e1t a fut\u00e1s vil\u00e1g\u00e1ban, \u00a0\u00edme n\u00e9h\u00e1ny sz\u00f3 a m\u00e1sik nagy klasszikusr\u00f3l. Term\u00e9szetesen a biciklir\u0151l van sz\u00f3. Kinek ne jutott volna m\u00e1r esz\u00e9be egy gyereks\u00edr\u00e1st\u00f3l hangos szombat d\u00e9lut\u00e1n, hogy \"sportos m\u00f3don\" oldja meg az \u00e9rkez\u0151 fogacska vagy egy\u00e9b m\u00e1s okb\u00f3l ad\u00f3d\u00f3 s\u00edr\u00e1st, nyafog\u00e1st. M\u00e9g nagyobbakn\u00e1l kiv\u00e1l\u00f3 az \u00fat szab\u00e1lyainak elsaj\u00e1t\u00edt\u00e1s\u00e1ra, gyalog\u00e1tkel\u0151hely, biciklis\u00e1v stb. V\u00e9gs\u0151 soron egy csodaj\u00e1rg\u00e1ny!\r\n\r\nAzt\u00e1n mikor a sz\u00f3rakoztatni v\u00e1gy\u00f3k l\u00e9tsz\u00e1ma n\u00f6vekszik, a szerencs\u00e9sebb anyuk\u00e1k bevonj\u00e1k apuk\u00e1t, az \u00f6r\u00f6kk\u00e9 elfoglaltak\u00e9 pedig beruh\u00e1znak a technika \u00fajdons\u00e1g\u00e1ra, biciklihez csatolhat\u00f3 \u201ehint\u00f3\u201d, egy feln\u0151tt \u00e9s k\u00e9t gyerk\u0151c eset\u00e9re kital\u00e1lt p\u00f3tkocsi.\r\n\r\nAzt\u00e1n j\u00f6n a k\u00f6vetkez\u0151 szakasz, kev\u00e9sb\u00e9 kalandos sz\u00e1munkra, de nagy l\u00e9p\u00e9s a gyerekeknek. P\u00f3tker\u00e9k, v\u00e9d\u0151sisak, teljes koncentr\u00e1ci\u00f3 \u00e9s indulhat a kis csapat. Mi most valahol itt tartunk \u2026\r\n\r\nDe hogy a blog t\u00e9m\u00e1j\u00e1t\u00f3l messzire ne tekerj\u00fcnk, mindezt egy kis odafigyel\u00e9ssel m\u00e9g sz\u00f3rakoztat\u00f3v\u00e1 \u00e9s mi\u00e9rt is ne, eszt\u00e9tikusabb\u00e1 is tehetj\u00fck.\r\n\r\nHa v\u00e1rosi k\u00f6zleked\u00e9sr\u0151l van sz\u00f3 - nyilv\u00e1n csak a saj\u00e1t biciklinken sz\u00e1ll\u00edtjuk kisgyermek\u00fcnket - semmi nem tilos! Szoknya, csinos cip\u0151\u00a0(az\u00e9rt a j\u00f3 \u00edzl\u00e9s keretein bel\u00fcl)\u00a0 \u00e9s term\u00e9szetesen v\u00e9d\u0151sisak a gyerekeknek. A k\u00edn\u00e1lat val\u00f3ban soksz\u00edn\u0171, meseh\u0151s\u00f6k \u00e9s \u0171rhaj\u00f3sok, nemzeti ihlet\u00e9s\u0171 \u00e9s sziv\u00e1rv\u00e1nysz\u00edn\u0171ek is megtal\u00e1lhat\u00f3ak a kereskedelemben, s\u0151t m\u00e9g szem\u00e9lyre szabhat\u00f3ak is!\r\n\r\nM\u00e9g a helyzet v\u00e1ltozik, ha a kir\u00e1ndul\u00e1s eszk\u00f6ze a bicikli. Ebben az esetben csup\u00e1n a saj\u00e1t \u00f6nkritik\u00e1nkra t\u00e1maszkodhatunk - a nadr\u00e1g hossza legal\u00e1bb 5 cm-el lesz r\u00f6videbb az adott szitu\u00e1ci\u00f3ban\u2026 Helyet kap a piknik kos\u00e1r \u00e9s az ezredik haszontalan j\u00e1t\u00e9k a biciklin. A napokban l\u00e1ttam egy kir\u00e1ndul\u00f3helyen ped\u00e1loz\u00f3 csal\u00e1dot, anyuka h\u00e1tizs\u00e1kj\u00e1b\u00f3l egy m\u00e9retes fa bot l\u00f3gott ki, nyilv\u00e1nval\u00f3an kisfia f\u00e9ltett kincse lehetett. \u00a0De \u00edgy van ez rendj\u00e9n, tekerj\u00fcnk, sportoljunk \u00e9s legf\u0151bbk\u00e9ppen \u00e9rezz\u00fck j\u00f3l magunkat gyermekeink t\u00e1rsas\u00e1g\u00e1ban!","type":"rich"}