{"version":"1.0","provider_name":"GYEREKVIL\u00c1G","provider_url":"https:\/\/gyerekvilag.cafeblog.hu","author_name":"Hagym\u00e1sy OrSi","author_url":"https:\/\/gyerekvilag.cafeblog.hu\/author\/hagymasy_orsi-2-2-2-2\/","title":"SZERETEM, VISELEM","html":"<p style=\"text-align: center\"><a href=\"https:\/\/gyerekvilag.cafeblog.hu\/files\/2013\/05\/Ny\u00e1rra-v\u00e1rva.jpg-2.jpg\"><img class=\"alignright size-thumbnail wp-image-731\" alt=\"Ny\u00e1rra v\u00e1rva.jpg 2\" src=\"https:\/\/gyerekvilag.cafeblog.hu\/files\/2013\/05\/Ny\u00e1rra-v\u00e1rva.jpg-2-150x150.jpg\" width=\"150\" height=\"150\" \/><\/a>SZERETEM, VISELEM<\/p>\r\n<p align=\"center\"><i>\u201eA kreativit\u00e1s oly sokszor h\u00e1tt\u00e9rbe szor\u00edtott oldala, a saj\u00e1t \u00f6lt\u00f6z\u00e9k kiv\u00e1laszt\u00e1sa. Sz\u00ednek, form\u00e1k, m\u00e9retek, az \u00e9vszakok \u00e9s napszakok ker\u00fclnek felfedez\u00e9sre.\u201d<\/i><\/p>\r\nA gyerekek nevel\u00e9s\u00e9t illet\u0151en v\u00e9get nem \u00e9r\u0151 az a szakk\u00f6nyvek, weboldalak \u00e9s egy\u00e9b h\u00edrhordoz\u00f3k k\u00edn\u00e1lata. K\u00fcl\u00f6nb\u00f6z\u0151 elm\u00e9letek, tapasztalatok ker\u00fclnek k\u00f6z\u00e9ppontba, majd feled\u00e9sbe, a m\u00e9g frissebbek \u00e9rkez\u00e9s\u00e9vel. Mi magunk kre\u00e1ltuk j\u00f3ban - rosszban ezt a felgyorsult \u00e9letritmust. A sz\u00fcl\u0151 brav\u00far\u00e1ja a helyes \u00fat kiv\u00e1laszt\u00e1sban rejlik. Mely k\u00f6zel sem egyszer\u0171, hiszen a saj\u00e1t gyermek\u00fcnk term\u00e9szet\u00e9t, a sz\u00fcl\u0151i mivoltunkat \u00e9s a t\u00e1rsadalmi elv\u00e1r\u00e1sokat kell hogy \u00f6tv\u00f6zze nevel\u00e9si st\u00edlusunk.\r\n\r\nH\u00fasz perc minimum, v\u00e9get nem \u00e9r\u0151 t\u00fcrelem \u00e9s sz\u00e1mtalan meg nem \u00e9rtett sz\u00f3. A reggeli \u201eel\u0151ad\u00e1s\u201d mely a gardr\u00f3bszekr\u00e9ny el\u0151tt kell \u00e9letre. Az els\u0151 felvetend\u0151 k\u00e9rd\u00e9s, egyed\u00fcl vagy seg\u00edts\u00e9ggel \u00f6lt\u00f6zk\u00f6dj\u00f6n kisgyermek\u00fcnk? Term\u00e9szetesen egyed\u00fcl, ha van kedve hozz\u00e1! Tudom, id\u0151ig\u00e9nyes, de meg\u00e9ri a befektet\u00e9st. Olyan ez, mint egy h\u00e1z \u00e9p\u00edt\u00e9se, ha az alapok megfelel\u0151ek, \u00e9p\u00fclhet a mesesz\u00e9p kast\u00e9ly. A kreativit\u00e1s oly sokszor h\u00e1tt\u00e9rbe szor\u00edtott oldala, a saj\u00e1t \u00f6lt\u00f6z\u00e9k kiv\u00e1laszt\u00e1sa. Sz\u00ednek, form\u00e1k, m\u00e9retek, az \u00e9vszakok \u00e9s napszakok ker\u00fclnek felfedez\u00e9sre. Ha gyermek\u00fcnk fog\u00e9kony az eff\u00e9le programokra, \u00e9rdemes kicsit hamarabb kezdeni a reggeli k\u00e9sz\u00fcl\u0151d\u00e9st, m\u00e9g ha cseppet sem \u00e9rdekli a ruh\u00e1k vil\u00e1ga, akkor is hasznos lehet a rend, a rendezett k\u00fcls\u0151vel kapcsolatos besz\u00e9lget\u00e9s n\u00e9h\u00e1ny percben.\r\n\r\nA gyerekek \u00f6n\u00e1ll\u00f3 elk\u00e9pzel\u00e9s\u00e9nek megval\u00f3s\u00edt\u00e1sa az \u00f6lt\u00f6zk\u00f6d\u00e9sben \u00e9pp oly fontos, mint az \u00e9let b\u00e1rmely m\u00e1s ter\u00fclet\u00e9n. A nagyvil\u00e1gr\u00f3l alkotott k\u00e9p\u00fck ism\u00e9t gazdagodhat valamivel. B\u00edzom benne, hogy ez a n\u00e9h\u00e1ny sor sokak sz\u00e1m\u00e1ra seg\u00edteni fog a k\u00f6vetkez\u0151 \u201eharc sor\u00e1n\u201d ami a r\u00f6vidnadr\u00e1got, szokny\u00e1t \u00e9s a p\u00f3l\u00f3t illeti. Hiszen az id\u0151j\u00e1r\u00e1s viszontags\u00e1gain sem a divat, sem a nevel\u00e9si m\u00f3dszerek, de m\u00e9g anya sem tud v\u00e1ltoztatni. Addig is - a ny\u00e1rra v\u00e1rva, mely n\u00e9ha \u00fagy t\u0171nik, sosem \u00e9r m\u00e1r ide - a kedvenc ruhadarabok \u00f6n\u00e1ll\u00f3 \u00f6sszev\u00e1logat\u00e1sa mosolyt csalhat a legkisebbek arc\u00e1ra.\r\n\r\n&nbsp;","type":"rich"}